{"id":2260,"date":"2025-04-16T10:05:04","date_gmt":"2025-04-16T08:05:04","guid":{"rendered":"https:\/\/www.zyczeniawielkanocne.pl\/?page_id=226"},"modified":"2025-04-16T10:21:48","modified_gmt":"2025-04-16T08:21:48","slug":"niedziela-palmowa","status":"publish","type":"page","link":"https:\/\/www.nanowyrok.pl\/wielkanoc\/niedziela-palmowa\/","title":{"rendered":"Niedziela Palmowa"},"content":{"rendered":"<div id=\"ez-toc-container\" class=\"ez-toc-v2_0_82_2 counter-hierarchy ez-toc-counter ez-toc-grey ez-toc-container-direction\">\n<p class=\"ez-toc-title\" style=\"cursor:inherit\">Spis tre\u015bci \u017bycze\u0144:<\/p>\n<label for=\"ez-toc-cssicon-toggle-item-69f4f972514f1\" class=\"ez-toc-cssicon-toggle-label\"><span class=\"ez-toc-cssicon\"><span class=\"eztoc-hide\" style=\"display:none;\">Toggle<\/span><span class=\"ez-toc-icon-toggle-span\"><svg style=\"fill: #999;color:#999\" xmlns=\"http:\/\/www.w3.org\/2000\/svg\" class=\"list-377408\" width=\"20px\" height=\"20px\" viewBox=\"0 0 24 24\" fill=\"none\"><path d=\"M6 6H4v2h2V6zm14 0H8v2h12V6zM4 11h2v2H4v-2zm16 0H8v2h12v-2zM4 16h2v2H4v-2zm16 0H8v2h12v-2z\" fill=\"currentColor\"><\/path><\/svg><svg style=\"fill: #999;color:#999\" class=\"arrow-unsorted-368013\" xmlns=\"http:\/\/www.w3.org\/2000\/svg\" width=\"10px\" height=\"10px\" viewBox=\"0 0 24 24\" version=\"1.2\" baseProfile=\"tiny\"><path d=\"M18.2 9.3l-6.2-6.3-6.2 6.3c-.2.2-.3.4-.3.7s.1.5.3.7c.2.2.4.3.7.3h11c.3 0 .5-.1.7-.3.2-.2.3-.5.3-.7s-.1-.5-.3-.7zM5.8 14.7l6.2 6.3 6.2-6.3c.2-.2.3-.5.3-.7s-.1-.5-.3-.7c-.2-.2-.4-.3-.7-.3h-11c-.3 0-.5.1-.7.3-.2.2-.3.5-.3.7s.1.5.3.7z\"\/><\/svg><\/span><\/span><\/label><input type=\"checkbox\"  id=\"ez-toc-cssicon-toggle-item-69f4f972514f1\" checked aria-label=\"Prze\u0142\u0105cznik\" \/><nav><ul class='ez-toc-list ez-toc-list-level-1 ' ><li class='ez-toc-page-1 ez-toc-heading-level-2'><a class=\"ez-toc-link ez-toc-heading-1\" href=\"https:\/\/www.nanowyrok.pl\/wielkanoc\/niedziela-palmowa\/#czym-jest-niedziela-palmowa-i-jakie-jest-jej-znaczenie\" >Czym jest Niedziela Palmowa i jakie jest jej znaczenie?<\/a><\/li><li class='ez-toc-page-1 ez-toc-heading-level-2'><a class=\"ez-toc-link ez-toc-heading-2\" href=\"https:\/\/www.nanowyrok.pl\/wielkanoc\/niedziela-palmowa\/#historia-obchodow-niedzieli-palmowej-w-polsce\" >Historia obchod\u00f3w Niedzieli Palmowej w Polsce<\/a><\/li><li class='ez-toc-page-1 ez-toc-heading-level-2'><a class=\"ez-toc-link ez-toc-heading-3\" href=\"https:\/\/www.nanowyrok.pl\/wielkanoc\/niedziela-palmowa\/#symbolika-palm-wielkanocnych-w-polskiej-tradycji\" >Symbolika palm wielkanocnych w polskiej tradycji<\/a><\/li><li class='ez-toc-page-1 ez-toc-heading-level-2'><a class=\"ez-toc-link ez-toc-heading-4\" href=\"https:\/\/www.nanowyrok.pl\/wielkanoc\/niedziela-palmowa\/#regionalne-tradycje-i-zwyczaje-zwiazane-z-niedziela-palmowa\" >Regionalne tradycje i zwyczaje zwi\u0105zane z Niedziel\u0105 Palmow\u0105<\/a><ul class='ez-toc-list-level-3' ><li class='ez-toc-heading-level-3'><a class=\"ez-toc-link ez-toc-heading-5\" href=\"https:\/\/www.nanowyrok.pl\/wielkanoc\/niedziela-palmowa\/#kurpiowskie-palmy-wielkanocne\" >Kurpiowskie palmy wielkanocne<\/a><\/li><li class='ez-toc-page-1 ez-toc-heading-level-3'><a class=\"ez-toc-link ez-toc-heading-6\" href=\"https:\/\/www.nanowyrok.pl\/wielkanoc\/niedziela-palmowa\/#lipnickie-tradycje-palmowe\" >Lipnickie tradycje palmowe<\/a><\/li><li class='ez-toc-page-1 ez-toc-heading-level-3'><a class=\"ez-toc-link ez-toc-heading-7\" href=\"https:\/\/www.nanowyrok.pl\/wielkanoc\/niedziela-palmowa\/#pucheroki-i-inne-lokalne-zwyczaje\" >Pucheroki i inne lokalne zwyczaje<\/a><\/li><\/ul><\/li><li class='ez-toc-page-1 ez-toc-heading-level-2'><a class=\"ez-toc-link ez-toc-heading-8\" href=\"https:\/\/www.nanowyrok.pl\/wielkanoc\/niedziela-palmowa\/#jak-wyglada-wspolczesna-niedziela-palmowa\" >Jak wygl\u0105da wsp\u00f3\u0142czesna Niedziela Palmowa?<\/a><\/li><li class='ez-toc-page-1 ez-toc-heading-level-2'><a class=\"ez-toc-link ez-toc-heading-9\" href=\"https:\/\/www.nanowyrok.pl\/wielkanoc\/niedziela-palmowa\/#najczesciej-zadawane-pytania-o-niedziele-palmowa\" >Najcz\u0119\u015bciej zadawane pytania o Niedziel\u0119 Palmow\u0105<\/a><ul class='ez-toc-list-level-3' ><li class='ez-toc-heading-level-3'><a class=\"ez-toc-link ez-toc-heading-10\" href=\"https:\/\/www.nanowyrok.pl\/wielkanoc\/niedziela-palmowa\/#co-zrobic-z-poswiecona-palma-po-niedzieli-palmowej\" >Co zrobi\u0107 z po\u015bwi\u0119con\u0105 palm\u0105 po Niedzieli Palmowej?<\/a><\/li><li class='ez-toc-page-1 ez-toc-heading-level-3'><a class=\"ez-toc-link ez-toc-heading-11\" href=\"https:\/\/www.nanowyrok.pl\/wielkanoc\/niedziela-palmowa\/#jakie-sa-regionalne-roznice-w-wykonywaniu-palm-wielkanocnych-w-polsce\" >Jakie s\u0105 regionalne r\u00f3\u017cnice w wykonywaniu palm wielkanocnych w Polsce?<\/a><\/li><li class='ez-toc-page-1 ez-toc-heading-level-3'><a class=\"ez-toc-link ez-toc-heading-12\" href=\"https:\/\/www.nanowyrok.pl\/wielkanoc\/niedziela-palmowa\/#jak-samodzielnie-przygotowac-tradycyjna-polska-palme-wielkanocna\" >Jak samodzielnie przygotowa\u0107 tradycyjn\u0105 polsk\u0105 palm\u0119 wielkanocn\u0105?<\/a><\/li><li class='ez-toc-page-1 ez-toc-heading-level-3'><a class=\"ez-toc-link ez-toc-heading-13\" href=\"https:\/\/www.nanowyrok.pl\/wielkanoc\/niedziela-palmowa\/#gdzie-w-polsce-mozna-zobaczyc-najpiekniejsze-i-najwyzsze-palmy-wielkanocne\" >Gdzie w Polsce mo\u017cna zobaczy\u0107 najpi\u0119kniejsze i najwy\u017csze palmy wielkanocne?<\/a><\/li><\/ul><\/li><li class='ez-toc-page-1 ez-toc-heading-level-2'><a class=\"ez-toc-link ez-toc-heading-14\" href=\"https:\/\/www.nanowyrok.pl\/wielkanoc\/niedziela-palmowa\/#podsumowanie\" >Podsumowanie<\/a><\/li><\/ul><\/nav><\/div>\n<p>Niedziela Palmowa nazywana jest tak\u017ce Niedziel\u0105 M\u0119ki Pa\u0144skiej lub Niedziel\u0105 Kwietn\u0105. Jest to pierwszy dzie\u0144 Wielkiego Tygodnia, kt\u00f3ry rozpoczyna najwa\u017cniejszy okres w roku liturgicznym prowadz\u0105cy do \u015awi\u0105t Wielkanocnych. Nazwa wzi\u0119\u0142a si\u0119 od zwyczaju \u015bwi\u0119cenia palm, a po raz pierwszy u\u017cyto jej w XI wieku. W polskiej tradycji ludowej funkcjonuj\u0105 r\u00f3wnie\u017c okre\u015blenia &#8222;Niedziela Wierzbna&#8221; czy &#8222;Kwietnica&#8221;, co wskazuje na g\u0142\u0119bokie zakorzenienie tego \u015bwi\u0119ta w naszej kulturze.<\/p>\n\n<h2><span class=\"ez-toc-section\" id=\"czym-jest-niedziela-palmowa-i-jakie-jest-jej-znaczenie\"><\/span>Czym jest Niedziela Palmowa i jakie jest jej znaczenie?<span class=\"ez-toc-section-end\"><\/span><\/h2>\n<p>\u015awi\u0119to to powsta\u0142o, aby uczci\u0107 przybycie Jezusa Chrystusa do Jerozolimy. Zbawiciel wjecha\u0142 na osio\u0142ku i przekroczy\u0142 mury miasta. T\u0142umy wiernych wita\u0142y Go i rzuca\u0142y na ziemi\u0119 ga\u0142\u0105zki oliwne i palmowe. Ten triumfalny wjazd, opisany przez wszystkich czterech Ewangelist\u00f3w, jest celebrowany w Niedziel\u0119 Palmow\u0105 jako zapowied\u017a zbli\u017caj\u0105cej si\u0119 m\u0119ki i zmartwychwstania Chrystusa.<\/p>\n<p>W 2025 roku Niedziela Palmowa wypada 13 kwietnia, dok\u0142adnie tydzie\u0144 przed Wielkanoc\u0105. Jest to data szczeg\u00f3lna dla wiernych, gdy\u017c rozpoczyna ona bezpo\u015brednie przygotowania do najwa\u017cniejszych \u015bwi\u0105t w kalendarzu liturgicznym.<\/p>\n<p><img loading=\"lazy\" decoding=\"async\" class=\"aligncenter size-full wp-image-2843\" src=\"https:\/\/www.nanowyrok.pl\/wielkanoc\/wp-content\/uploads\/2025\/04\/niedziela-palmowa.jpg\" alt=\"palmowa niedziela obchody w Polsce\" width=\"900\" height=\"754\" srcset=\"https:\/\/www.nanowyrok.pl\/wielkanoc\/wp-content\/uploads\/2025\/04\/niedziela-palmowa.jpg 900w, https:\/\/www.nanowyrok.pl\/wielkanoc\/wp-content\/uploads\/2025\/04\/niedziela-palmowa-300x251.jpg 300w, https:\/\/www.nanowyrok.pl\/wielkanoc\/wp-content\/uploads\/2025\/04\/niedziela-palmowa-768x643.jpg 768w\" sizes=\"auto, (max-width: 900px) 100vw, 900px\" \/><\/p>\n<p>Wszyscy wierni, kt\u00f3rzy ucz\u0119szczaj\u0105 do ko\u015bcio\u0142a, s\u0105 zapraszani do udzia\u0142u w procesji z udekorowanymi palmami. Nabo\u017ce\u0144stwo prowadzi kap\u0142an, kt\u00f3ry b\u0142ogos\u0142awi palmy. Nast\u0119pnie zabiera si\u0119 je do domu, aby tydzie\u0144 p\u00f3\u017aniej ozdobi\u0107 nimi st\u00f3\u0142 wielkanocny. W wielu ko\u015bcio\u0142ach procesja ma szczeg\u00f3lnie uroczysty charakter &#8211; wierni najpierw gromadz\u0105 si\u0119 przed \u015bwi\u0105tyni\u0105, gdzie odczytywany jest fragment Ewangelii o wje\u017adzie Jezusa do Jerozolimy, a nast\u0119pnie w uroczystym pochodzie wchodz\u0105 do ko\u015bcio\u0142a.<\/p>\n<div style=\"background-color: #f8f9fa; border: 1px solid #ddd; padding: 15px; margin: 15px 0; border-radius: 5px;\"><strong>Ciekawostka historyczna:<\/strong><br \/>\nPierwsze procesje z palmami odbywa\u0142y si\u0119 ju\u017c w IV wieku w Jerozolimie, sk\u0105d zwyczaj rozprzestrzeni\u0142 si\u0119 na ca\u0142y chrze\u015bcija\u0144ski \u015bwiat. Do Polski tradycja ta dotar\u0142a wraz z przyj\u0119ciem chrze\u015bcija\u0144stwa. Pierwsze wzmianki o procesjach palmowych na ziemiach polskich pochodz\u0105 z XII wieku, a najstarszy zachowany opis uroczysto\u015bci pochodzi z 1419 roku z Krakowa.<\/div>\n\n<h2><span class=\"ez-toc-section\" id=\"historia-obchodow-niedzieli-palmowej-w-polsce\"><\/span>Historia obchod\u00f3w Niedzieli Palmowej w Polsce<span class=\"ez-toc-section-end\"><\/span><\/h2>\n<p>W Polsce tradycja obchod\u00f3w Niedzieli Palmowej si\u0119ga \u015bredniowiecza. Pocz\u0105tkowo, szczeg\u00f3lnie w czasach dynastii Piast\u00f3w i Jagiellon\u00f3w, procesje palmowe mia\u0142y niezwykle uroczysty charakter. Na dworze kr\u00f3lewskim w Krakowie organizowano wystawne uroczysto\u015bci, podczas kt\u00f3rych synowie rodzin senatorskich, odziani w bia\u0142e szaty, przynosili kr\u00f3lowi ozdobne palmy.<\/p>\n<p>Interesuj\u0105cym aspektem historycznym jest niegdy\u015b popularny obrz\u0119d wo\u017cenia drewnianej figury Jezusa na osio\u0142ku, nazywanego &#8222;Jezuskiem Palmowym&#8221;. Tradycja ta, kt\u00f3ra narodzi\u0142a si\u0119 w Niemczech, by\u0142a praktykowana w Polsce przed XV wiekiem. Wierni obwozili figurk\u0119 Chrystusa po nawach ko\u015bcielnych i dziedzi\u0144cach, a nast\u0119pnie odwiedzali inne ko\u015bcio\u0142y w mie\u015bcie. W 1780 roku wprowadzono zakaz tej praktyki, a zwyczaj stopniowo zanik\u0142.<\/p>\n<p>Obecnie procesje z Jezuskiem Palmowym kultywowane s\u0105 jedynie w nielicznych miejscach w Polsce, m.in. w Tokarni ko\u0142o My\u015blenic, Szyd\u0142owcu oraz Nowym Stawie w powiecie malborskim. W Tokarni tradycja ta zosta\u0142a przywr\u00f3cona po prawie dw\u00f3ch wiekach przerwy, co stanowi pi\u0119kny przyk\u0142ad odradzania si\u0119 dawnych zwyczaj\u00f3w.<\/p>\n\n<h2><span class=\"ez-toc-section\" id=\"symbolika-palm-wielkanocnych-w-polskiej-tradycji\"><\/span>Symbolika palm wielkanocnych w polskiej tradycji<span class=\"ez-toc-section-end\"><\/span><\/h2>\n<p>Chocia\u017c Niedziela Palmowa jest dniem ruchomym, zwykle przypada w kwietniu. W zwi\u0105zku z tym palmy przynoszone do ko\u015bcio\u0142a w Polsce rzadziej wykonane s\u0105 z ga\u0142\u0105zek wierzby, a cz\u0119\u015bciej zast\u0119puj\u0105 je sztuczne suszone kwiaty, bukszpan, wst\u0105\u017cki i &#8222;kotki&#8221; (bazie). Chocia\u017c wygl\u0105daj\u0105 jak proste patyki, ich wysoko\u015b\u0107 i grubo\u015b\u0107 mo\u017ce by\u0107 r\u00f3\u017cna: mog\u0105 by\u0107 tak kr\u00f3tkie jak kilka centymetr\u00f3w lub tak d\u0142ugie jak kilka metr\u00f3w.<\/p>\n<p>W polskiej tradycji ludowej palma wielkanocna ma bogat\u0105 symbolik\u0119. Wykonywana jest zazwyczaj z wierzbowych ga\u0142\u0105zek, a to nie jest przypadkowe. Wierzba, jako drzewo, kt\u00f3re bardzo wcze\u015bnie budzi si\u0119 do \u017cycia na wiosn\u0119, symbolizuje zmartwychwstanie i nie\u015bmiertelno\u015b\u0107 duszy. Poniewa\u017c wierzba mo\u017ce rosn\u0105\u0107 na bardzo ubogiej glebie, jest uwa\u017cana za &#8222;\u017cyciodajn\u0105&#8221; i z jej ga\u0142\u0105zek tworzy si\u0119 palmy.<\/p>\n<div style=\"background-color: #e8f4ff; border: 1px solid #ddd; padding: 15px; margin: 15px 0; border-radius: 5px;\"><strong>Symbolika element\u00f3w palmy wielkanocnej:<\/strong><br \/>\n&#8211; Ga\u0142\u0105zki wierzbowe z baziami &#8211; symbol budz\u0105cego si\u0119 \u017cycia i p\u0142odno\u015bci<br \/>\n&#8211; Bukszpan i inne wiecznie zielone ro\u015bliny &#8211; symbol wiecznego \u017cycia i nie\u015bmiertelno\u015bci<br \/>\n&#8211; Kolorowe wst\u0105\u017cki &#8211; symbolizuj\u0105 rado\u015b\u0107 i r\u00f3\u017cnorodno\u015b\u0107 dar\u00f3w Bo\u017cych<br \/>\n&#8211; Kwiaty (\u017cywe lub z bibu\u0142y) &#8211; oznaczaj\u0105 rado\u015b\u0107 ze zmartwychwstania<br \/>\n&#8211; Zbo\u017ca &#8211; symbol obfito\u015bci i dostatku<\/div>\n<p>Po\u015bwi\u0119conymi palmami rolnicy obsypywali swoje pola i zwierz\u0119ta hodowlane, wierz\u0105c, \u017ce ochroni je to przed wszelkimi nieszcz\u0119\u015bciami, kradzie\u017cami i chorobami. Po\u015bwi\u0119con\u0105 palm\u0105 posypywano zwierz\u0119ta i pola. Nast\u0119pnie wieszano j\u0105 nad drzwiami domu lub za \u015bwi\u0119tym obrazem. Wierzono, \u017ce w ten spos\u00f3b ochroni rodzin\u0119 przed chorobami, ogniem i innymi z\u0142ymi mocami.<\/p>\n<p>W tradycji ludowej wierzono r\u00f3wnie\u017c, \u017ce po\u0142kni\u0119cie jednej bazi z po\u015bwi\u0119conej palmy chroni przed b\u00f3lem gard\u0142a i chorobami przez ca\u0142y rok. O takim zwyczaju w swoich pracach wspomnia\u0142 ju\u017c Miko\u0142aj Rej z Nag\u0142owic w XVI wieku. Palmy nigdy nie wyrzucano &#8211; przechowywano j\u0105 do nast\u0119pnego roku, a potem palono, a popi\u00f3\u0142 wykorzystywano w obrz\u0119dzie \u015arody Popielcowej.<\/p>\n\n<h2><span class=\"ez-toc-section\" id=\"regionalne-tradycje-i-zwyczaje-zwiazane-z-niedziela-palmowa\"><\/span>Regionalne tradycje i zwyczaje zwi\u0105zane z Niedziel\u0105 Palmow\u0105<span class=\"ez-toc-section-end\"><\/span><\/h2>\n<p>Polska jest krajem bogatym w regionalne tradycje zwi\u0105zane z Niedziel\u0105 Palmow\u0105. Ka\u017cdy region ma swoje charakterystyczne zwyczaje i sposoby obchodzenia tego \u015bwi\u0119ta, co stanowi o niezwyk\u0142ym bogactwie naszego kulturowego dziedzictwa.<\/p>\n<h3><span class=\"ez-toc-section\" id=\"kurpiowskie-palmy-wielkanocne\"><\/span>Kurpiowskie palmy wielkanocne<span class=\"ez-toc-section-end\"><\/span><\/h3>\n<p>Jednym z najbardziej znanych miejsc zwi\u0105zanych z tradycj\u0105 palm wielkanocnych jest miejscowo\u015b\u0107 \u0141yse na Kurpiach, gdzie co roku odbywa si\u0119 s\u0142ynny konkurs na najwy\u017csz\u0105 i najpi\u0119kniejsz\u0105 palm\u0119. Kurpiowskie palmy charakteryzuj\u0105 si\u0119 wyj\u0105tkow\u0105 wysoko\u015bci\u0105 &#8211; si\u0119gaj\u0105 nawet 6-8 metr\u00f3w! Wykonywane s\u0105 na bazie pnia \u015bci\u0119tego drzewka (najcz\u0119\u015bciej leszczyny lub sosny), a nast\u0119pnie oplatane wid\u0142akiem, bor\u00f3wk\u0105 i ozdobione kwiatami z bibu\u0142y oraz kolorowymi wst\u0105\u017ckami.<\/p>\n<p>D\u0142ugo\u015b\u0107 palmy &#8211; tradycja kurpiowska g\u0142osi, \u017ce im d\u0142u\u017csza palma, tym szcz\u0119\u015bliwsze i zdrowsze \u017cycie czeka jej w\u0142a\u015bciciela. Do dzi\u015b tradycj\u0105 kurpiowsk\u0105 jest spo\u017cywanie bazylii dumnie zdobi\u0105cej palmy. Uwa\u017ca si\u0119, \u017ce leczy to wszystkie rodzaje grypy, angin\u0119 i przezi\u0119bienia. Palmy z poprzednich lat s\u0105 palone w Wielk\u0105 Sobot\u0119, a ich popi\u00f3\u0142 u\u017cywany jest do posypywania g\u0142\u00f3w w \u015arod\u0119 Popielcow\u0105 nast\u0119pnego roku.<\/p>\n<h3><span class=\"ez-toc-section\" id=\"lipnickie-tradycje-palmowe\"><\/span>Lipnickie tradycje palmowe<span class=\"ez-toc-section-end\"><\/span><\/h3>\n<p>Lipnica Murowana w Ma\u0142opolsce to kolejne miejsce s\u0142yn\u0105ce z konkursu palm wielkanocnych. Tutaj palmy osi\u0105gaj\u0105 rekordowe wysoko\u015bci, nierzadko przekraczaj\u0105c 30 metr\u00f3w! Konkurs odbywa si\u0119 nieprzerwanie od 1958 roku, a zainicjowa\u0142 go J\u00f3zef Piotrowski, spo\u0142ecznik i mi\u0142o\u015bnik Lipnicy, kt\u00f3ry chcia\u0142 w ten spos\u00f3b ocali\u0107 zanikaj\u0105c\u0105 tradycj\u0119.<\/p>\n<p>Zgodnie z regulaminem konkursu, tradycyjna lipnicka palma musi by\u0107 wykonana wy\u0142\u0105cznie z naturalnych materia\u0142\u00f3w, a jej trzon stanowi wiklina. Najwa\u017cniejszym momentem jest stawianie palmy, kt\u00f3re musi odbywa\u0107 si\u0119 w spos\u00f3b naturalny, za pomoc\u0105 si\u0142y ludzkich mi\u0119\u015bni, lin i wide\u0142, bez u\u017cycia mechanicznych d\u017awig\u00f3w i wyci\u0105garek.<\/p>\n<div style=\"background-color: #f0fff0; border: 1px solid #ddd; padding: 15px; margin: 15px 0; border-radius: 5px;\"><strong>Rekordowa palma z Lipnicy Murowanej:<\/strong><br \/>\nRekord wysoko\u015bci palmy w konkursie w Lipnicy Murowanej zosta\u0142 ustanowiony w 2019 roku i wyni\u00f3s\u0142 37,78 m! Wykonawc\u0105 tej imponuj\u0105cej konstrukcji by\u0142 Zbigniew Urba\u0144ski. Warto zaznaczy\u0107, \u017ce tak wysok\u0105 palm\u0119 musi stawia\u0107 kilkunastu m\u0119\u017cczyzn przy pomocy specjalnych podp\u00f3r i lin. Samo stawianie mo\u017ce trwa\u0107 nawet kilka godzin i przyci\u0105ga t\u0142umy widz\u00f3w.<\/div>\n\n<h3><span class=\"ez-toc-section\" id=\"pucheroki-i-inne-lokalne-zwyczaje\"><\/span>Pucheroki i inne lokalne zwyczaje<span class=\"ez-toc-section-end\"><\/span><\/h3>\n<p>Pucheroki to niezwyk\u0142y zwyczaj zachowany do dzi\u015b w podkrakowskich wsiach, takich jak Bibice, Zielonki czy Trojanowice. S\u0105 to ch\u0142opcy przebrani w ko\u017cuchy odwr\u00f3cone futrem na wierzch, z twarzami umazanymi sadz\u0105 i wysokimi, sto\u017ckowymi czapkami z kolorowej bibu\u0142y na g\u0142owach. Ten zwyczaj wywodzi si\u0119 z dawnych kwest \u017cak\u00f3w krakowskich i by\u0142 znany ju\u017c w XVII wieku.<\/p>\n<p>Pucheroki to przed\u015bwi\u0105teczna zbi\u00f3rka, w kt\u00f3rej bior\u0105 udzia\u0142 uczniowie\/studenci. Uczniowie cierpliwie czekaj\u0105 na zako\u0144czenie nabo\u017ce\u0144stwa, zanim p\u00f3jd\u0105 do ko\u015bcio\u0142a. Gdy tylko zgromadzeni wyjd\u0105, uczniowie \u015bpiewaj\u0105, recytuj\u0105 i czytaj\u0105 wiersze. Ludzie nagradzaj\u0105 ich wtedy drobnymi datkami pieni\u0119\u017cnymi.<\/p>\n<p>W r\u00f3\u017cnych regionach Polski praktykowano tak\u017ce inne zwyczaje wiejskie: dawniej w wioskach dotykano po\u015bwi\u0119conymi palmami byd\u0142a, aby zapewni\u0107 mu dobry rozr\u00f3d. Pojedyncze ga\u0142\u0105zki brzozy wtykano te\u017c do uli, aby zapewni\u0107 obfito\u015b\u0107 miodu. Rybacy wk\u0142adali po\u015bwi\u0119cone ga\u0142\u0105zki do sieci, aby zapewni\u0107 sobie obfity po\u0142\u00f3w ryb.<\/p>\n<p>Na Kaszubach i Pomorzu znany by\u0142 zwyczaj &#8222;palmowania&#8221; &#8211; wzajemnego uderzania si\u0119 palmami, czemu towarzyszy\u0142y s\u0142owa: &#8222;Palma bije, nie zabije, za sze\u015b\u0107 noc &#8211; Wielkanoc&#8221;. Mia\u0142o to zapewni\u0107 zdrowie i pomy\u015blno\u015b\u0107 na nadchodz\u0105cy rok. Z kolei na \u015al\u0105sku i Podkarpaciu popularne s\u0105 do dzi\u015b procesje konne do p\u00f3l, kt\u00f3re maj\u0105 zapewni\u0107 urodzaj.<\/p>\n\n<h2><span class=\"ez-toc-section\" id=\"jak-wyglada-wspolczesna-niedziela-palmowa\"><\/span>Jak wygl\u0105da wsp\u00f3\u0142czesna Niedziela Palmowa?<span class=\"ez-toc-section-end\"><\/span><\/h2>\n<p>Wsp\u00f3\u0142czesne obchody Niedzieli Palmowej w Polsce \u0142\u0105cz\u0105 tradycj\u0119 z nowoczesno\u015bci\u0105. W wielu parafiach organizowane s\u0105 konkursy na najpi\u0119kniejsz\u0105 palm\u0119, a dzieci w szko\u0142ach i przedszkolach ucz\u0105 si\u0119 tradycyjnych technik wykonywania palm. Palmy wielkanocne sta\u0142y si\u0119 r\u00f3wnie\u017c atrakcj\u0105 turystyczn\u0105, szczeg\u00f3lnie w miejscach znanych z ich wyj\u0105tkowych tradycji, jak Kurpie czy Lipnica Murowana.<\/p>\n<p>Konkurs na najd\u0142u\u017csz\u0105 palm\u0119 &#8211; na Kurpiach w \u0141ysych i w Lipnicy Murowanej w Ma\u0142opolsce co roku odbywa si\u0119 og\u00f3lnopolski konkurs na najd\u0142u\u017csz\u0105 i najpi\u0119kniejsz\u0105 palm\u0119. Cz\u0119sto przekraczaj\u0105 one kilkana\u015bcie, a nawet kilkadziesi\u0105t metr\u00f3w. Krajowe stacje radiowe i telewizyjne co roku transmituj\u0105 te uroczysto\u015bci, a wydarzenia przyci\u0105gaj\u0105 tysi\u0105ce widz\u00f3w i turyst\u00f3w z ca\u0142ej Polski i zagranicy.<\/p>\n<p>W wielu miastach organizowane s\u0105 tak\u017ce kiermasz \u015bwi\u0105teczne, na kt\u00f3rych mo\u017cna kupi\u0107 tradycyjne palmy oraz inne ozdoby wielkanocne. Coraz popularniejsze staj\u0105 si\u0119 r\u00f3wnie\u017c warsztaty wyplatania palm, organizowane przez muzea etnograficzne, domy kultury czy organizacje zajmuj\u0105ce si\u0119 promocj\u0105 kultury ludowej.<\/p>\n<p>Warto podkre\u015bli\u0107, \u017ce mimo up\u0142ywu czasu i zmieniaj\u0105cych si\u0119 zwyczaj\u00f3w, Niedziela Palmowa pozostaje wa\u017cnym elementem polskiej tradycji i to\u017csamo\u015bci narodowej. \u0141\u0105czy ona w sobie elementy religijne z ludowymi wierzeniami i zwyczajami, tworz\u0105c unikalny obraz polskiej kultury.<\/p>\n<div style=\"background-color: #fff8e8; border: 1px solid #ddd; padding: 15px; margin: 15px 0; border-radius: 5px;\"><strong>Ciekawostka:<\/strong><br \/>\nW wielu parafiach w Polsce istnieje zwyczaj, \u017ce to dzieci pierwszokomunijne przygotowuj\u0105 ma\u0142e palmki, kt\u00f3re s\u0105 rozdawane wiernym w zamian za dobrowolne datki. Zebrane w ten spos\u00f3b fundusze przeznaczane s\u0105 na organizacj\u0119 uroczysto\u015bci Pierwszej Komunii \u015awi\u0119tej. To pi\u0119kny przyk\u0142ad \u0142\u0105czenia tradycji z edukacj\u0105 religijn\u0105 najm\u0142odszych.<\/div>\n\n<h2><span class=\"ez-toc-section\" id=\"najczesciej-zadawane-pytania-o-niedziele-palmowa\"><\/span>Najcz\u0119\u015bciej zadawane pytania o Niedziel\u0119 Palmow\u0105<span class=\"ez-toc-section-end\"><\/span><\/h2>\n<div style=\"background-color: #f5f5f5; border: 1px solid #ddd; padding: 15px; margin: 15px 0; border-radius: 5px;\">\n<h3><span class=\"ez-toc-section\" id=\"co-zrobic-z-poswiecona-palma-po-niedzieli-palmowej\"><\/span>Co zrobi\u0107 z po\u015bwi\u0119con\u0105 palm\u0105 po Niedzieli Palmowej?<span class=\"ez-toc-section-end\"><\/span><\/h3>\n<p>Wed\u0142ug tradycji, po\u015bwi\u0119conej palmy nie wolno wyrzuca\u0107, poniewa\u017c jest to przedmiot \u015bwi\u0119ty. Najcz\u0119\u015bciej przechowuje si\u0119 j\u0105 za obrazem lub krzy\u017cem w domu a\u017c do nast\u0119pnego roku. Star\u0105 palm\u0119 mo\u017cna spali\u0107 (tak jak czyni si\u0119 to w Ko\u015bciele przed \u015arod\u0105 Popielcow\u0105) lub zakopa\u0107 w ziemi. W niekt\u00f3rych regionach Polski z po\u015bwi\u0119conych palm wykonuje si\u0119 ma\u0142e krzy\u017cyki, kt\u00f3re w Wielki Pi\u0105tek wbija si\u0119 w pola, aby chroni\u0142y plony przed kl\u0119skami \u017cywio\u0142owymi.<\/p>\n<\/div>\n<div style=\"background-color: #f5f5f5; border: 1px solid #ddd; padding: 15px; margin: 15px 0; border-radius: 5px;\">\n<h3><span class=\"ez-toc-section\" id=\"jakie-sa-regionalne-roznice-w-wykonywaniu-palm-wielkanocnych-w-polsce\"><\/span>Jakie s\u0105 regionalne r\u00f3\u017cnice w wykonywaniu palm wielkanocnych w Polsce?<span class=\"ez-toc-section-end\"><\/span><\/h3>\n<p>Ka\u017cdy region Polski ma swoje charakterystyczne sposoby wykonywania palm wielkanocnych:<\/p>\n<ul>\n<li><strong>Kurpie<\/strong> &#8211; s\u0142yn\u0105 z wysokich palm oplecionych wid\u0142akiem i ozdobnych kwiat\u00f3w z bibu\u0142y<\/li>\n<li><strong>Ma\u0142opolska<\/strong> (Lipnica Murowana) &#8211; tradycyjne, bardzo wysokie palmy z wikliny ozdobione bibu\u0142owymi kwiatami i zio\u0142ami<\/li>\n<li><strong>Podlasie<\/strong> &#8211; palmy wykonywane technik\u0105 batikow\u0105, z charakterystycznymi wzorami<\/li>\n<li><strong>Kaszuby<\/strong> &#8211; niewielkie, ale bardzo kolorowe palmy z du\u017c\u0105 ilo\u015bci\u0105 suszonych kwiat\u00f3w<\/li>\n<li><strong>\u015al\u0105sk<\/strong> &#8211; &#8222;kroszonki&#8221;, czyli palmy zdobione technik\u0105 skrobania wzor\u00f3w<\/li>\n<\/ul>\n<\/div>\n<div style=\"background-color: #f5f5f5; border: 1px solid #ddd; padding: 15px; margin: 15px 0; border-radius: 5px;\">\n<h3><span class=\"ez-toc-section\" id=\"jak-samodzielnie-przygotowac-tradycyjna-polska-palme-wielkanocna\"><\/span>Jak samodzielnie przygotowa\u0107 tradycyjn\u0105 polsk\u0105 palm\u0119 wielkanocn\u0105?<span class=\"ez-toc-section-end\"><\/span><\/h3>\n<p>Aby wykona\u0107 prost\u0105 tradycyjn\u0105 palm\u0119 potrzebujesz: kilku ga\u0142\u0105zek wierzby z baziami, ga\u0142\u0105zek bukszpanu lub innej wiecznie zielonej ro\u015bliny, suszonych lub bibu\u0142owych kwiat\u00f3w oraz kolorowych wst\u0105\u017cek. Ga\u0142\u0105zki wierzby zwi\u0105zujemy razem i oplatamy je bukszpanem. Nast\u0119pnie ozdabiamy ca\u0142o\u015b\u0107 kwiatami i wst\u0105\u017ckami. Wa\u017cne, aby u\u017cywa\u0107 naturalnych materia\u0142\u00f3w, zgodnie z tradycj\u0105. W r\u00f3\u017cnych regionach Polski do palm dodaje si\u0119 tak\u017ce trawy, zbo\u017ca, zio\u0142a czy k\u0142osy. Pami\u0119taj, \u017ce palma powinna by\u0107 smuk\u0142a i elegancka.<\/p>\n<\/div>\n<div style=\"background-color: #f5f5f5; border: 1px solid #ddd; padding: 15px; margin: 15px 0; border-radius: 5px;\">\n<h3><span class=\"ez-toc-section\" id=\"gdzie-w-polsce-mozna-zobaczyc-najpiekniejsze-i-najwyzsze-palmy-wielkanocne\"><\/span>Gdzie w Polsce mo\u017cna zobaczy\u0107 najpi\u0119kniejsze i najwy\u017csze palmy wielkanocne?<span class=\"ez-toc-section-end\"><\/span><\/h3>\n<p>Najs\u0142ynniejsze miejsca zwi\u0105zane z tradycj\u0105 wysokich palm wielkanocnych to:<\/p>\n<ul>\n<li><strong>\u0141yse na Kurpiach<\/strong> &#8211; gdzie co roku odbywa si\u0119 konkurs &#8222;Palma Kurpiowska&#8221;, a palmy osi\u0105gaj\u0105 wysoko\u015b\u0107 do 8 metr\u00f3w<\/li>\n<li><strong>Lipnica Murowana<\/strong> w Ma\u0142opolsce &#8211; miejsce konkursu palm wielkanocnych, gdzie rekord wysoko\u015bci wynosi prawie 38 metr\u00f3w<\/li>\n<li><strong>Tokarnia<\/strong> ko\u0142o My\u015blenic &#8211; gdzie mo\u017cna zobaczy\u0107 procesj\u0119 z figur\u0105 Jezusa na osio\u0142ku<\/li>\n<li><strong>Muzeum Wsi Lubelskiej<\/strong> w Lublinie &#8211; organizuje procesje z palmami w historycznej scenerii<\/li>\n<li><strong>Muzeum Etnograficzne w Krakowie<\/strong> &#8211; gdzie mo\u017cna zobaczy\u0107 kolekcj\u0119 historycznych palm z r\u00f3\u017cnych region\u00f3w Polski<\/li>\n<\/ul>\n<\/div>\n\n<h2><span class=\"ez-toc-section\" id=\"podsumowanie\"><\/span>Podsumowanie<span class=\"ez-toc-section-end\"><\/span><\/h2>\n<p>Niedziela Palmowa to wyj\u0105tkowe \u015bwi\u0119to w polskiej tradycji, \u0142\u0105cz\u0105ce g\u0142\u0119bok\u0105 symbolik\u0119 religijn\u0105 z bogactwem ludowych zwyczaj\u00f3w. Palmy wielkanocne, procesje, regionalne konkursy i obrz\u0119dy tworz\u0105 niepowtarzalny obraz tego dnia, kt\u00f3ry od wiek\u00f3w jest wa\u017cnym elementem polskiej to\u017csamo\u015bci kulturowej.<\/p>\n<p>Warto piel\u0119gnowa\u0107 te pi\u0119kne tradycje i przekazywa\u0107 je m\u0142odszym pokoleniom, aby pami\u0119\u0107 o nich nie zagin\u0119\u0142a. Czy to poprzez udzia\u0142 w procesji z palmami, wykonanie w\u0142asnej palmy wielkanocnej czy odwiedzenie miejsc s\u0142yn\u0105cych z wyj\u0105tkowych obchod\u00f3w Niedzieli Palmowej &#8211; ka\u017cdy mo\u017ce znale\u017a\u0107 spos\u00f3b, by uczci\u0107 ten szczeg\u00f3lny dzie\u0144 rozpoczynaj\u0105cy najwa\u017cniejszy tydzie\u0144 w kalendarzu liturgicznym.<\/p>\n<p>Niedziela Palmowa 2025 przypada 13 kwietnia i b\u0119dzie doskona\u0142\u0105 okazj\u0105, by na nowo odkry\u0107 bogactwo polskich tradycji zwi\u0105zanych z tym \u015bwi\u0119tem. Niezale\u017cnie od tego, czy wybierzesz si\u0119 do \u0141ysych, Lipnicy Murowanej czy po prostu do swojej lokalnej parafii z w\u0142asnor\u0119cznie wykonan\u0105 palm\u0105 &#8211; mo\u017cesz by\u0107 pewien, \u017ce uczestniczysz w pi\u0119knej tradycji, kt\u00f3ra \u0142\u0105czy wsp\u00f3\u0142czesnych Polak\u00f3w z ich przodkami.<\/p>\n\n\n\n<div class=\"kk-star-ratings kksr-auto kksr-align-left kksr-valign-bottom\"\n    data-payload='{&quot;align&quot;:&quot;left&quot;,&quot;id&quot;:&quot;2260&quot;,&quot;slug&quot;:&quot;default&quot;,&quot;valign&quot;:&quot;bottom&quot;,&quot;ignore&quot;:&quot;&quot;,&quot;reference&quot;:&quot;auto&quot;,&quot;class&quot;:&quot;&quot;,&quot;count&quot;:&quot;3&quot;,&quot;legendonly&quot;:&quot;&quot;,&quot;readonly&quot;:&quot;&quot;,&quot;score&quot;:&quot;5&quot;,&quot;starsonly&quot;:&quot;&quot;,&quot;best&quot;:&quot;5&quot;,&quot;gap&quot;:&quot;5&quot;,&quot;greet&quot;:&quot;Oce\u0144 ten page&quot;,&quot;legend&quot;:&quot;5\\\/5 - (3 votes)&quot;,&quot;size&quot;:&quot;20&quot;,&quot;title&quot;:&quot;Niedziela Palmowa&quot;,&quot;width&quot;:&quot;122.5&quot;,&quot;_legend&quot;:&quot;{score}\\\/{best} - ({count} {votes})&quot;,&quot;font_factor&quot;:&quot;1.25&quot;}'>\n            \n<div class=\"kksr-stars\">\n    \n<div class=\"kksr-stars-inactive\">\n            <div class=\"kksr-star\" data-star=\"1\" style=\"padding-right: 5px\">\n            \n\n<div class=\"kksr-icon\" style=\"width: 20px; height: 20px;\"><\/div>\n        <\/div>\n            <div class=\"kksr-star\" data-star=\"2\" style=\"padding-right: 5px\">\n            \n\n<div class=\"kksr-icon\" style=\"width: 20px; height: 20px;\"><\/div>\n        <\/div>\n            <div class=\"kksr-star\" data-star=\"3\" style=\"padding-right: 5px\">\n            \n\n<div class=\"kksr-icon\" style=\"width: 20px; height: 20px;\"><\/div>\n        <\/div>\n            <div class=\"kksr-star\" data-star=\"4\" style=\"padding-right: 5px\">\n            \n\n<div class=\"kksr-icon\" style=\"width: 20px; height: 20px;\"><\/div>\n        <\/div>\n            <div class=\"kksr-star\" data-star=\"5\" style=\"padding-right: 5px\">\n            \n\n<div class=\"kksr-icon\" style=\"width: 20px; height: 20px;\"><\/div>\n        <\/div>\n    <\/div>\n    \n<div class=\"kksr-stars-active\" style=\"width: 122.5px;\">\n            <div class=\"kksr-star\" style=\"padding-right: 5px\">\n            \n\n<div class=\"kksr-icon\" style=\"width: 20px; height: 20px;\"><\/div>\n        <\/div>\n            <div class=\"kksr-star\" style=\"padding-right: 5px\">\n            \n\n<div class=\"kksr-icon\" style=\"width: 20px; height: 20px;\"><\/div>\n        <\/div>\n            <div class=\"kksr-star\" style=\"padding-right: 5px\">\n            \n\n<div class=\"kksr-icon\" style=\"width: 20px; height: 20px;\"><\/div>\n        <\/div>\n            <div class=\"kksr-star\" style=\"padding-right: 5px\">\n            \n\n<div class=\"kksr-icon\" style=\"width: 20px; height: 20px;\"><\/div>\n        <\/div>\n            <div class=\"kksr-star\" style=\"padding-right: 5px\">\n            \n\n<div class=\"kksr-icon\" style=\"width: 20px; height: 20px;\"><\/div>\n        <\/div>\n    <\/div>\n<\/div>\n                \n\n<div class=\"kksr-legend\" style=\"font-size: 16px;\">\n            5\/5 - (3 votes)    <\/div>\n    <\/div>\n","protected":false},"excerpt":{"rendered":"<p>Niedziela Palmowa nazywana jest tak\u017ce Niedziel\u0105 M\u0119ki Pa\u0144skiej lub Niedziel\u0105 Kwietn\u0105. Jest to pierwszy dzie\u0144 Wielkiego Tygodnia, kt\u00f3ry rozpoczyna najwa\u017cniejszy okres w roku liturgicznym prowadz\u0105cy do \u015awi\u0105t Wielkanocnych. Nazwa wzi\u0119\u0142a si\u0119 od zwyczaju \u015bwi\u0119cenia palm,&hellip;<\/p>\n","protected":false},"author":1,"featured_media":0,"parent":0,"menu_order":0,"comment_status":"closed","ping_status":"closed","template":"","meta":{"footnotes":""},"class_list":["post-2260","page","type-page","status-publish","hentry"],"yoast_head":"<!-- This site is optimized with the Yoast SEO Premium plugin v24.8 (Yoast SEO v27.5) - https:\/\/yoast.com\/product\/yoast-seo-premium-wordpress\/ -->\n<title>Niedziela Palmowa - historia, tradycje i zwyczaje w Polsce<\/title>\n<meta name=\"robots\" content=\"index, follow, max-snippet:-1, max-image-preview:large, max-video-preview:-1\" \/>\n<link rel=\"canonical\" href=\"https:\/\/www.nanowyrok.pl\/wielkanoc\/niedziela-palmowa\/\" \/>\n<script type=\"application\/ld+json\" class=\"yoast-schema-graph\">{\"@context\":\"https:\\\/\\\/schema.org\",\"@graph\":[{\"@type\":\"WebPage\",\"@id\":\"https:\\\/\\\/www.nanowyrok.pl\\\/wielkanoc\\\/niedziela-palmowa\\\/\",\"url\":\"https:\\\/\\\/www.nanowyrok.pl\\\/wielkanoc\\\/niedziela-palmowa\\\/\",\"name\":\"Niedziela Palmowa - historia, tradycje i zwyczaje w Polsce\",\"isPartOf\":{\"@id\":\"https:\\\/\\\/www.nanowyrok.pl\\\/wielkanoc\\\/#website\"},\"primaryImageOfPage\":{\"@id\":\"https:\\\/\\\/www.nanowyrok.pl\\\/wielkanoc\\\/niedziela-palmowa\\\/#primaryimage\"},\"image\":{\"@id\":\"https:\\\/\\\/www.nanowyrok.pl\\\/wielkanoc\\\/niedziela-palmowa\\\/#primaryimage\"},\"thumbnailUrl\":\"https:\\\/\\\/www.nanowyrok.pl\\\/wielkanoc\\\/wp-content\\\/uploads\\\/2025\\\/04\\\/niedziela-palmowa.jpg\",\"datePublished\":\"2025-04-16T08:05:04+00:00\",\"dateModified\":\"2025-04-16T08:21:48+00:00\",\"breadcrumb\":{\"@id\":\"https:\\\/\\\/www.nanowyrok.pl\\\/wielkanoc\\\/niedziela-palmowa\\\/#breadcrumb\"},\"inLanguage\":\"pl-PL\",\"potentialAction\":[{\"@type\":\"ReadAction\",\"target\":[\"https:\\\/\\\/www.nanowyrok.pl\\\/wielkanoc\\\/niedziela-palmowa\\\/\"]}]},{\"@type\":\"ImageObject\",\"inLanguage\":\"pl-PL\",\"@id\":\"https:\\\/\\\/www.nanowyrok.pl\\\/wielkanoc\\\/niedziela-palmowa\\\/#primaryimage\",\"url\":\"https:\\\/\\\/www.nanowyrok.pl\\\/wielkanoc\\\/wp-content\\\/uploads\\\/2025\\\/04\\\/niedziela-palmowa.jpg\",\"contentUrl\":\"https:\\\/\\\/www.nanowyrok.pl\\\/wielkanoc\\\/wp-content\\\/uploads\\\/2025\\\/04\\\/niedziela-palmowa.jpg\",\"width\":900,\"height\":754,\"caption\":\"palmowa niedziela\"},{\"@type\":\"BreadcrumbList\",\"@id\":\"https:\\\/\\\/www.nanowyrok.pl\\\/wielkanoc\\\/niedziela-palmowa\\\/#breadcrumb\",\"itemListElement\":[{\"@type\":\"ListItem\",\"position\":1,\"name\":\"Wielkanocne\",\"item\":\"https:\\\/\\\/www.nanowyrok.pl\\\/wielkanoc\\\/\"},{\"@type\":\"ListItem\",\"position\":2,\"name\":\"Niedziela Palmowa\"}]},{\"@type\":\"WebSite\",\"@id\":\"https:\\\/\\\/www.nanowyrok.pl\\\/wielkanoc\\\/#website\",\"url\":\"https:\\\/\\\/www.nanowyrok.pl\\\/wielkanoc\\\/\",\"name\":\"\u017byczenia Wielkanocne\",\"description\":\"Niebanalne \u017byczenia Wielkanocne na 2025 rok\",\"publisher\":{\"@id\":\"https:\\\/\\\/www.nanowyrok.pl\\\/wielkanoc\\\/#\\\/schema\\\/person\\\/c14a2298a66552ad35f48814b1c695e0\"},\"potentialAction\":[{\"@type\":\"SearchAction\",\"target\":{\"@type\":\"EntryPoint\",\"urlTemplate\":\"https:\\\/\\\/www.nanowyrok.pl\\\/wielkanoc\\\/?s={search_term_string}\"},\"query-input\":{\"@type\":\"PropertyValueSpecification\",\"valueRequired\":true,\"valueName\":\"search_term_string\"}}],\"inLanguage\":\"pl-PL\"},{\"@type\":[\"Person\",\"Organization\"],\"@id\":\"https:\\\/\\\/www.nanowyrok.pl\\\/wielkanoc\\\/#\\\/schema\\\/person\\\/c14a2298a66552ad35f48814b1c695e0\",\"name\":\"Adam Zajczewski\",\"image\":{\"@type\":\"ImageObject\",\"inLanguage\":\"pl-PL\",\"@id\":\"https:\\\/\\\/www.nanowyrok.pl\\\/wielkanoc\\\/wp-content\\\/uploads\\\/2025\\\/04\\\/adam-zajczewski-gravatar-512-x-512.png\",\"url\":\"https:\\\/\\\/www.nanowyrok.pl\\\/wielkanoc\\\/wp-content\\\/uploads\\\/2025\\\/04\\\/adam-zajczewski-gravatar-512-x-512.png\",\"contentUrl\":\"https:\\\/\\\/www.nanowyrok.pl\\\/wielkanoc\\\/wp-content\\\/uploads\\\/2025\\\/04\\\/adam-zajczewski-gravatar-512-x-512.png\",\"width\":512,\"height\":512,\"caption\":\"Adam Zajczewski\"},\"logo\":{\"@id\":\"https:\\\/\\\/www.nanowyrok.pl\\\/wielkanoc\\\/wp-content\\\/uploads\\\/2025\\\/04\\\/adam-zajczewski-gravatar-512-x-512.png\"},\"description\":\"Wielkanoc to czas odrodzenia, nadziei i ciep\u0142ych s\u0142\u00f3w. W\u0142a\u015bnie dlatego z pasj\u0105 tworz\u0119 \u017cyczenia, kt\u00f3re nios\u0105 rado\u015b\u0107 \u2013 nie tylko na kartce, ale i w sercu. Od lat pisz\u0119 teksty pe\u0142ne \u015bwiat\u0142a, humoru lub refleksji \u2013 w zale\u017cno\u015bci od tego, czego potrzebuje chwila i osoba, do kt\u00f3rej te s\u0142owa trafi\u0105. Niekt\u00f3re moje \u017cyczenia maj\u0105 rym jak pisanka wz\u00f3r, inne \u2013 prostot\u0119, kt\u00f3ra m\u00f3wi wi\u0119cej ni\u017c sto zda\u0144. Zawsze jednak dbam o to, by by\u0142y niepowtarzalne i szczere. \ud83c\udf3f Ponad dekada do\u015bwiadczenia w pisaniu \u017cycze\u0144 na r\u00f3\u017cne okazje \ud83d\udc30 Szczeg\u00f3lne miejsce w moim notesie zajmuj\u0105 te wielkanocne \u2013 rymowane, klasyczne, z humorem i dusz\u0105 \ud83d\udcd6 Pisz\u0119, bo wierz\u0119, \u017ce dobre s\u0142owa potrafi\u0105 zdzia\u0142a\u0107 cuda \u2013 zw\u0142aszcza w \u015bwi\u0119ta Szukasz \u017cycze\u0144, kt\u00f3re maj\u0105 sens, serce i \u015bwi\u0105teczny klimat? Trafi\u0142e\u015b idealnie.\",\"sameAs\":[\"http:\\\/\\\/www.nanowyrok.pl\\\/wielkanoc\\\/\"],\"honorificPrefix\":\"Mr\",\"honorificSuffix\":\"mgr\",\"birthDate\":\"1988-02-10\",\"gender\":\"M\u0119\u017cczyzna\",\"award\":[\"Ambasador dobrego s\u0142owa\",\"Specjalista od \u017cycze\u0144 z dusz\u0105\",\"Autor tekst\u00f3w\",\"kt\u00f3re nios\u0105 rado\u015b\u0107 i refleksj\u0119\"],\"knowsAbout\":[\"Tworzenie rymowanych tekst\u00f3w\",\"\u017byczenia z humorem\",\"\u017byczenia refleksyjne\",\"Redagowanie oryginalnych kart okoliczno\u015bciowych\",\"Ponad 10 lat do\u015bwiadczenia w pisaniu \u017cycze\u0144\",\"Wra\u017cliwo\u015b\u0107 literacka\",\"Inspirowanie dobrym s\u0142owem\"],\"knowsLanguage\":[\"Polski\",\"Angielski\"],\"jobTitle\":\"CopryWriter\",\"worksFor\":\"JDG CopyWriter\"}]}<\/script>\n<!-- \/ Yoast SEO Premium plugin. -->","yoast_head_json":{"title":"Niedziela Palmowa - historia, tradycje i zwyczaje w Polsce","robots":{"index":"index","follow":"follow","max-snippet":"max-snippet:-1","max-image-preview":"max-image-preview:large","max-video-preview":"max-video-preview:-1"},"canonical":"https:\/\/www.nanowyrok.pl\/wielkanoc\/niedziela-palmowa\/","schema":{"@context":"https:\/\/schema.org","@graph":[{"@type":"WebPage","@id":"https:\/\/www.nanowyrok.pl\/wielkanoc\/niedziela-palmowa\/","url":"https:\/\/www.nanowyrok.pl\/wielkanoc\/niedziela-palmowa\/","name":"Niedziela Palmowa - historia, tradycje i zwyczaje w Polsce","isPartOf":{"@id":"https:\/\/www.nanowyrok.pl\/wielkanoc\/#website"},"primaryImageOfPage":{"@id":"https:\/\/www.nanowyrok.pl\/wielkanoc\/niedziela-palmowa\/#primaryimage"},"image":{"@id":"https:\/\/www.nanowyrok.pl\/wielkanoc\/niedziela-palmowa\/#primaryimage"},"thumbnailUrl":"https:\/\/www.nanowyrok.pl\/wielkanoc\/wp-content\/uploads\/2025\/04\/niedziela-palmowa.jpg","datePublished":"2025-04-16T08:05:04+00:00","dateModified":"2025-04-16T08:21:48+00:00","breadcrumb":{"@id":"https:\/\/www.nanowyrok.pl\/wielkanoc\/niedziela-palmowa\/#breadcrumb"},"inLanguage":"pl-PL","potentialAction":[{"@type":"ReadAction","target":["https:\/\/www.nanowyrok.pl\/wielkanoc\/niedziela-palmowa\/"]}]},{"@type":"ImageObject","inLanguage":"pl-PL","@id":"https:\/\/www.nanowyrok.pl\/wielkanoc\/niedziela-palmowa\/#primaryimage","url":"https:\/\/www.nanowyrok.pl\/wielkanoc\/wp-content\/uploads\/2025\/04\/niedziela-palmowa.jpg","contentUrl":"https:\/\/www.nanowyrok.pl\/wielkanoc\/wp-content\/uploads\/2025\/04\/niedziela-palmowa.jpg","width":900,"height":754,"caption":"palmowa niedziela"},{"@type":"BreadcrumbList","@id":"https:\/\/www.nanowyrok.pl\/wielkanoc\/niedziela-palmowa\/#breadcrumb","itemListElement":[{"@type":"ListItem","position":1,"name":"Wielkanocne","item":"https:\/\/www.nanowyrok.pl\/wielkanoc\/"},{"@type":"ListItem","position":2,"name":"Niedziela Palmowa"}]},{"@type":"WebSite","@id":"https:\/\/www.nanowyrok.pl\/wielkanoc\/#website","url":"https:\/\/www.nanowyrok.pl\/wielkanoc\/","name":"\u017byczenia Wielkanocne","description":"Niebanalne \u017byczenia Wielkanocne na 2025 rok","publisher":{"@id":"https:\/\/www.nanowyrok.pl\/wielkanoc\/#\/schema\/person\/c14a2298a66552ad35f48814b1c695e0"},"potentialAction":[{"@type":"SearchAction","target":{"@type":"EntryPoint","urlTemplate":"https:\/\/www.nanowyrok.pl\/wielkanoc\/?s={search_term_string}"},"query-input":{"@type":"PropertyValueSpecification","valueRequired":true,"valueName":"search_term_string"}}],"inLanguage":"pl-PL"},{"@type":["Person","Organization"],"@id":"https:\/\/www.nanowyrok.pl\/wielkanoc\/#\/schema\/person\/c14a2298a66552ad35f48814b1c695e0","name":"Adam Zajczewski","image":{"@type":"ImageObject","inLanguage":"pl-PL","@id":"https:\/\/www.nanowyrok.pl\/wielkanoc\/wp-content\/uploads\/2025\/04\/adam-zajczewski-gravatar-512-x-512.png","url":"https:\/\/www.nanowyrok.pl\/wielkanoc\/wp-content\/uploads\/2025\/04\/adam-zajczewski-gravatar-512-x-512.png","contentUrl":"https:\/\/www.nanowyrok.pl\/wielkanoc\/wp-content\/uploads\/2025\/04\/adam-zajczewski-gravatar-512-x-512.png","width":512,"height":512,"caption":"Adam Zajczewski"},"logo":{"@id":"https:\/\/www.nanowyrok.pl\/wielkanoc\/wp-content\/uploads\/2025\/04\/adam-zajczewski-gravatar-512-x-512.png"},"description":"Wielkanoc to czas odrodzenia, nadziei i ciep\u0142ych s\u0142\u00f3w. W\u0142a\u015bnie dlatego z pasj\u0105 tworz\u0119 \u017cyczenia, kt\u00f3re nios\u0105 rado\u015b\u0107 \u2013 nie tylko na kartce, ale i w sercu. Od lat pisz\u0119 teksty pe\u0142ne \u015bwiat\u0142a, humoru lub refleksji \u2013 w zale\u017cno\u015bci od tego, czego potrzebuje chwila i osoba, do kt\u00f3rej te s\u0142owa trafi\u0105. Niekt\u00f3re moje \u017cyczenia maj\u0105 rym jak pisanka wz\u00f3r, inne \u2013 prostot\u0119, kt\u00f3ra m\u00f3wi wi\u0119cej ni\u017c sto zda\u0144. Zawsze jednak dbam o to, by by\u0142y niepowtarzalne i szczere. \ud83c\udf3f Ponad dekada do\u015bwiadczenia w pisaniu \u017cycze\u0144 na r\u00f3\u017cne okazje \ud83d\udc30 Szczeg\u00f3lne miejsce w moim notesie zajmuj\u0105 te wielkanocne \u2013 rymowane, klasyczne, z humorem i dusz\u0105 \ud83d\udcd6 Pisz\u0119, bo wierz\u0119, \u017ce dobre s\u0142owa potrafi\u0105 zdzia\u0142a\u0107 cuda \u2013 zw\u0142aszcza w \u015bwi\u0119ta Szukasz \u017cycze\u0144, kt\u00f3re maj\u0105 sens, serce i \u015bwi\u0105teczny klimat? Trafi\u0142e\u015b idealnie.","sameAs":["http:\/\/www.nanowyrok.pl\/wielkanoc\/"],"honorificPrefix":"Mr","honorificSuffix":"mgr","birthDate":"1988-02-10","gender":"M\u0119\u017cczyzna","award":["Ambasador dobrego s\u0142owa","Specjalista od \u017cycze\u0144 z dusz\u0105","Autor tekst\u00f3w","kt\u00f3re nios\u0105 rado\u015b\u0107 i refleksj\u0119"],"knowsAbout":["Tworzenie rymowanych tekst\u00f3w","\u017byczenia z humorem","\u017byczenia refleksyjne","Redagowanie oryginalnych kart okoliczno\u015bciowych","Ponad 10 lat do\u015bwiadczenia w pisaniu \u017cycze\u0144","Wra\u017cliwo\u015b\u0107 literacka","Inspirowanie dobrym s\u0142owem"],"knowsLanguage":["Polski","Angielski"],"jobTitle":"CopryWriter","worksFor":"JDG CopyWriter"}]}},"_links":{"self":[{"href":"https:\/\/www.nanowyrok.pl\/wielkanoc\/wp-json\/wp\/v2\/pages\/2260","targetHints":{"allow":["GET"]}}],"collection":[{"href":"https:\/\/www.nanowyrok.pl\/wielkanoc\/wp-json\/wp\/v2\/pages"}],"about":[{"href":"https:\/\/www.nanowyrok.pl\/wielkanoc\/wp-json\/wp\/v2\/types\/page"}],"author":[{"embeddable":true,"href":"https:\/\/www.nanowyrok.pl\/wielkanoc\/wp-json\/wp\/v2\/users\/1"}],"replies":[{"embeddable":true,"href":"https:\/\/www.nanowyrok.pl\/wielkanoc\/wp-json\/wp\/v2\/comments?post=2260"}],"version-history":[{"count":0,"href":"https:\/\/www.nanowyrok.pl\/wielkanoc\/wp-json\/wp\/v2\/pages\/2260\/revisions"}],"wp:attachment":[{"href":"https:\/\/www.nanowyrok.pl\/wielkanoc\/wp-json\/wp\/v2\/media?parent=2260"}],"curies":[{"name":"wp","href":"https:\/\/api.w.org\/{rel}","templated":true}]}}